{"id":500,"date":"2018-06-19T10:20:01","date_gmt":"2018-06-19T09:20:01","guid":{"rendered":"https:\/\/robertoalvite.com\/onetone-front-page\/"},"modified":"2026-03-23T10:07:57","modified_gmt":"2026-03-23T09:07:57","slug":"roberto-alvite","status":"publish","type":"page","link":"https:\/\/robertoalvite.com\/gl\/","title":{"rendered":"ROBERTO ALVITE"},"content":{"rendered":"<div class=\"wp-block-image\">\n<figure class=\"aligncenter size-large is-resized\"><img loading=\"lazy\" decoding=\"async\" width=\"819\" height=\"1024\" src=\"https:\/\/robertoalvite.com\/wp-content\/uploads\/2024\/07\/roberto-alvite-andres-seara-actor-gallego-galicia-director-11-819x1024.jpg\" alt=\"\" class=\"wp-image-1108\" style=\"width:477px;height:auto\" srcset=\"https:\/\/robertoalvite.com\/wp-content\/uploads\/2024\/07\/roberto-alvite-andres-seara-actor-gallego-galicia-director-11-819x1024.jpg 819w, https:\/\/robertoalvite.com\/wp-content\/uploads\/2024\/07\/roberto-alvite-andres-seara-actor-gallego-galicia-director-11-240x300.jpg 240w, https:\/\/robertoalvite.com\/wp-content\/uploads\/2024\/07\/roberto-alvite-andres-seara-actor-gallego-galicia-director-11-768x960.jpg 768w, https:\/\/robertoalvite.com\/wp-content\/uploads\/2024\/07\/roberto-alvite-andres-seara-actor-gallego-galicia-director-11-1229x1536.jpg 1229w, https:\/\/robertoalvite.com\/wp-content\/uploads\/2024\/07\/roberto-alvite-andres-seara-actor-gallego-galicia-director-11-10x12.jpg 10w, https:\/\/robertoalvite.com\/wp-content\/uploads\/2024\/07\/roberto-alvite-andres-seara-actor-gallego-galicia-director-11-1240x1550.jpg 1240w, https:\/\/robertoalvite.com\/wp-content\/uploads\/2024\/07\/roberto-alvite-andres-seara-actor-gallego-galicia-director-11-508x635.jpg 508w, https:\/\/robertoalvite.com\/wp-content\/uploads\/2024\/07\/roberto-alvite-andres-seara-actor-gallego-galicia-director-11.jpg 1638w\" sizes=\"auto, (max-width: 819px) 100vw, 819px\" \/><\/figure>\n<\/div>\n\n\n<p class=\"has-text-align-center\">Ola!<br>Son Roberto Alvite.<br>Pero p\u00f3desme chamar Rober, ou Ro; coma ti prefiras.<br>Est\u00e1s na t\u00faa casa.<br>E como na casa en ning\u00fan sitio, non?<br>Pero eu son un tipo curioso e g\u00fastame explorar cousas que non co\u00f1ec\u00eda.<br>Se est\u00e1s a ler isto, \u00e9 que a ti tam\u00e9n.<br>Espero que atopes o que buscas.<br>Cando eu o fixen, atopei o que m\u00e1is me gusta.<br>Ser actor... e crear historias.<br><br>Ata o de agora:<\/p>\n\n\n<style type=\"text\/css\">\n#foogallery-gallery-958.fg-masonry .fg-item { width: 250px; }\n#foogallery-gallery-958.fg-masonry { --fg-gutter: 10px; }<\/style>\n\t\t\t<div class=\"foogallery foogallery-container foogallery-masonry foogallery-lightbox-foobox fg-center fg-masonry fg-ready fg-dark fg-c-c fg-fixed\" id=\"foogallery-gallery-958\" data-foogallery=\"{&quot;item&quot;:{&quot;showCaptionTitle&quot;:false,&quot;showCaptionDescription&quot;:false},&quot;lazy&quot;:true,&quot;template&quot;:{&quot;columnWidth&quot;:250,&quot;gutter&quot;:10}}\" style=\"--fg-title-line-clamp: 0; --fg-description-line-clamp: 0;\" >\n\t\t<div class=\"fg-item fg-type-image fg-idle\"><figure class=\"fg-item-inner\"><a href=\"https:\/\/robertoalvite.com\/wp-content\/uploads\/2024\/05\/as-tres-outras-vidas-de-maria-santiso-falso-documental-zombis-gallego-melgo-cinema-roberto-alvite-lucia-veiga.jpg\" data-caption-title=\"Ilustrado por Carlota Su\u00e1rez\" data-caption-desc=\"As tres outras vidas de Mar\u00eda Santiso\" data-attachment-id=\"1091\" data-type=\"image\" class=\"fg-thumb\"><span class=\"fg-image-wrap\"><img fetchpriority=\"high\" decoding=\"async\" title=\"Ilustrado por Carlota Su\u00e1rez\" width=\"250\" height=\"375\" class=\"skip-lazy fg-image\" data-src-fg=\"https:\/\/robertoalvite.com\/wp-content\/uploads\/2024\/05\/as-tres-outras-vidas-de-maria-santiso-falso-documental-zombis-gallego-melgo-cinema-roberto-alvite-lucia-veiga-508x762.jpg\" src=\"data:image\/svg+xml,%3Csvg%20xmlns%3D%22http%3A%2F%2Fwww.w3.org%2F2000%2Fsvg%22%20width%3D%22250%22%20height%3D%22375%22%20viewBox%3D%220%200%20250%20375%22%3E%3C%2Fsvg%3E\" loading=\"eager\"><\/span><span class=\"fg-image-overlay\"><\/span><\/a><\/figure><div class=\"fg-loader\"><\/div><\/div><div class=\"fg-item fg-type-image fg-idle\"><figure class=\"fg-item-inner\"><a href=\"https:\/\/robertoalvite.com\/wp-content\/uploads\/2022\/10\/As-tres-vidas-de-Maria-Santiso-Cartel-Melgo-Cinema.jpg\" data-caption-title=\"Ilustrado por Melina Caviale\" data-caption-desc=\"As tres vidas de Mar\u00eda Santiso\" data-attachment-id=\"924\" data-type=\"image\" class=\"fg-thumb\"><span class=\"fg-image-wrap\"><img decoding=\"async\" title=\"Ilustrado por Melina Caviale\" width=\"250\" height=\"333\" class=\"skip-lazy fg-image\" data-src-fg=\"https:\/\/robertoalvite.com\/wp-content\/uploads\/2022\/10\/As-tres-vidas-de-Maria-Santiso-Cartel-Melgo-Cinema-508x677.jpg\" src=\"data:image\/svg+xml,%3Csvg%20xmlns%3D%22http%3A%2F%2Fwww.w3.org%2F2000%2Fsvg%22%20width%3D%22250%22%20height%3D%22333%22%20viewBox%3D%220%200%20250%20333%22%3E%3C%2Fsvg%3E\" loading=\"eager\"><\/span><span class=\"fg-image-overlay\"><\/span><\/a><\/figure><div class=\"fg-loader\"><\/div><\/div><div class=\"fg-item fg-type-image fg-idle\"><figure class=\"fg-item-inner\"><a href=\"https:\/\/robertoalvite.com\/wp-content\/uploads\/2019\/06\/as-tres-caidas-de-maria-santiso-iago-vilarinho-cartel-poster-rural-galicia-cine-social-lucia-veiga-melgo-cinema.jpg\" data-attachment-id=\"750\" data-type=\"image\" class=\"fg-thumb\"><span class=\"fg-image-wrap\"><img decoding=\"async\" width=\"250\" height=\"375\" class=\"skip-lazy fg-image\" data-src-fg=\"https:\/\/robertoalvite.com\/wp-content\/uploads\/2019\/06\/as-tres-caidas-de-maria-santiso-iago-vilarinho-cartel-poster-rural-galicia-cine-social-lucia-veiga-melgo-cinema-508x762.jpg\" src=\"data:image\/svg+xml,%3Csvg%20xmlns%3D%22http%3A%2F%2Fwww.w3.org%2F2000%2Fsvg%22%20width%3D%22250%22%20height%3D%22375%22%20viewBox%3D%220%200%20250%20375%22%3E%3C%2Fsvg%3E\" loading=\"eager\"><\/span><span class=\"fg-image-overlay\"><\/span><\/a><\/figure><div class=\"fg-loader\"><\/div><\/div><div class=\"fg-item fg-type-image fg-idle\"><figure class=\"fg-item-inner\"><a href=\"https:\/\/robertoalvite.com\/wp-content\/uploads\/2022\/12\/o-noso-pasar-a-nosa-natureza-docuficcion-roberto-alvite-melgo-cinema-anna-tiseiko-xacobeo-fantasia-camino-santiago.jpg\" data-caption-title=\"Ilustrado por Anna Tiseyko\" data-caption-desc=\"O noso pasar: A nosa natureza\" data-attachment-id=\"949\" data-type=\"image\" class=\"fg-thumb\"><span class=\"fg-image-wrap\"><img decoding=\"async\" title=\"Ilustrado por Anna Tiseyko\" width=\"250\" height=\"375\" class=\"skip-lazy fg-image\" data-src-fg=\"https:\/\/robertoalvite.com\/wp-content\/uploads\/2022\/12\/o-noso-pasar-a-nosa-natureza-docuficcion-roberto-alvite-melgo-cinema-anna-tiseiko-xacobeo-fantasia-camino-santiago-508x762.jpg\" src=\"data:image\/svg+xml,%3Csvg%20xmlns%3D%22http%3A%2F%2Fwww.w3.org%2F2000%2Fsvg%22%20width%3D%22250%22%20height%3D%22375%22%20viewBox%3D%220%200%20250%20375%22%3E%3C%2Fsvg%3E\" loading=\"eager\"><\/span><span class=\"fg-image-overlay\"><\/span><\/a><\/figure><div class=\"fg-loader\"><\/div><\/div><div class=\"fg-item fg-type-image fg-idle\"><figure class=\"fg-item-inner\"><a href=\"https:\/\/robertoalvite.com\/wp-content\/uploads\/2021\/06\/ti-primeiro-you-first-novela-novelas-visual-novel-romantica-romance-amor-iris-darriba-roberto-alvite-galicia-coruna-ios-android-decisiones-historias.jpg\" data-attachment-id=\"862\" data-type=\"image\" class=\"fg-thumb\"><span class=\"fg-image-wrap\"><img decoding=\"async\" width=\"250\" height=\"375\" class=\"skip-lazy fg-image\" data-src-fg=\"https:\/\/robertoalvite.com\/wp-content\/uploads\/2021\/06\/ti-primeiro-you-first-novela-novelas-visual-novel-romantica-romance-amor-iris-darriba-roberto-alvite-galicia-coruna-ios-android-decisiones-historias-508x762.jpg\" src=\"data:image\/svg+xml,%3Csvg%20xmlns%3D%22http%3A%2F%2Fwww.w3.org%2F2000%2Fsvg%22%20width%3D%22250%22%20height%3D%22375%22%20viewBox%3D%220%200%20250%20375%22%3E%3C%2Fsvg%3E\" loading=\"eager\"><\/span><span class=\"fg-image-overlay\"><\/span><\/a><\/figure><div class=\"fg-loader\"><\/div><\/div><div class=\"fg-item fg-type-image fg-idle\"><figure class=\"fg-item-inner\"><a href=\"https:\/\/robertoalvite.com\/wp-content\/uploads\/2020\/02\/poster-postre-luisa-merelas-melgo-cinema-cine-suspense-social-galicia-cartel.jpg\" data-attachment-id=\"795\" data-type=\"image\" class=\"fg-thumb\"><span class=\"fg-image-wrap\"><img decoding=\"async\" width=\"250\" height=\"371\" class=\"skip-lazy fg-image\" data-src-fg=\"https:\/\/robertoalvite.com\/wp-content\/uploads\/2020\/02\/poster-postre-luisa-merelas-melgo-cinema-cine-suspense-social-galicia-cartel-508x754.jpg\" src=\"data:image\/svg+xml,%3Csvg%20xmlns%3D%22http%3A%2F%2Fwww.w3.org%2F2000%2Fsvg%22%20width%3D%22250%22%20height%3D%22371%22%20viewBox%3D%220%200%20250%20371%22%3E%3C%2Fsvg%3E\" loading=\"eager\"><\/span><span class=\"fg-image-overlay\"><\/span><\/a><\/figure><div class=\"fg-loader\"><\/div><\/div><div class=\"fg-item fg-type-image fg-idle\"><figure class=\"fg-item-inner\"><a href=\"https:\/\/robertoalvite.com\/wp-content\/uploads\/2022\/12\/PEGADAS-comic-interactivo-roberto-alvite-maria-lara-martin-melgo-cinema-drama-familia-infancia-ninos-ninas-galicia-gallego-cartel.jpg\" data-caption-title=\"Ilustrado por Mar\u00eda Lara Mart\u00edn\" data-caption-desc=\"PEGADAS\" data-attachment-id=\"1011\" data-type=\"image\" class=\"fg-thumb\"><span class=\"fg-image-wrap\"><img decoding=\"async\" title=\"Ilustrado por Mar\u00eda Lara Mart\u00edn\" width=\"250\" height=\"333\" class=\"skip-lazy fg-image\" data-src-fg=\"https:\/\/robertoalvite.com\/wp-content\/uploads\/2022\/12\/PEGADAS-comic-interactivo-roberto-alvite-maria-lara-martin-melgo-cinema-drama-familia-infancia-ninos-ninas-galicia-gallego-cartel-508x677.jpg\" src=\"data:image\/svg+xml,%3Csvg%20xmlns%3D%22http%3A%2F%2Fwww.w3.org%2F2000%2Fsvg%22%20width%3D%22250%22%20height%3D%22333%22%20viewBox%3D%220%200%20250%20333%22%3E%3C%2Fsvg%3E\" loading=\"eager\"><\/span><span class=\"fg-image-overlay\"><\/span><\/a><\/figure><div class=\"fg-loader\"><\/div><\/div><\/div>\n\n\n\n<p><\/p>\n\n\n\n<p class=\"has-text-align-center\"><a href=\"https:\/\/robertoalvite.com\/gl\/pegadas\/\" target=\"_blank\" rel=\"noreferrer noopener\">\u00abPEGADAS\u00bb<\/a> (2027)<br>\u00abO noso pasar: A nosa fantas\u00eda\u00bb (2026)<br><a href=\"https:\/\/vascaermaria.gal\/vidas\/\" target=\"_blank\" rel=\"noreferrer noopener\">\u00abAs tres outras vidas de Mar\u00eda Santiso\u00bb<\/a> (2024)<br><a href=\"https:\/\/www.youtube.com\/watch?v=L9C7H76EEx4\" target=\"_blank\" rel=\"noreferrer noopener\">\u00abO noso pasar: A nosa natureza\u00bb<\/a> (2023)<br><a href=\"https:\/\/www.youtube.com\/watch?v=OeC-auP8TPA\" target=\"_blank\" rel=\"noreferrer noopener\">\u00abAs tres vidas de Mar\u00eda Santiso\u00bb<\/a> (2022)<br><a href=\"https:\/\/www.youfirstgame.com\/es\" target=\"_blank\" rel=\"noreferrer noopener\">\u00abTi Primeiro\u00bb<\/a> (2021)<br><a href=\"http:\/\/www.vasquererpostre.com\/\" target=\"_blank\" rel=\"noreferrer noopener\">\u00abPostre\u00bb<\/a> (2020)<br><a href=\"http:\/\/www.vascaermaria.gal\/\" target=\"_blank\" rel=\"noreferrer noopener\">\u00abAs tres ca\u00eddas de Mar\u00eda Santiso\u00bb<\/a> (2019)<\/p>\n\n\n\n<p class=\"has-text-align-center\"><strong>CONTACTO:<\/strong> roberto.alvite@gmail.com<\/p>","protected":false},"excerpt":{"rendered":"<p>\u00a1Hola!Soy Roberto Alvite.Pero puedes llamarme Rober, o Ro; como t\u00fa prefieras.Est\u00e1s en tu casa.Y como en casa en ning\u00fan sitio, \u00bfno?Pero yo soy un tipo curioso y me gusta explorar cosas que no conoc\u00eda.Si est\u00e1s leyendo esto, es que a ti tambi\u00e9n.Espero que encuentres lo que buscas.Cuando yo lo hice, encontr\u00e9 lo que m\u00e1s me [&hellip;]<\/p>\n","protected":false},"author":1,"featured_media":0,"parent":0,"menu_order":0,"comment_status":"closed","ping_status":"closed","template":"","meta":{"footnotes":""},"class_list":["post-500","page","type-page","status-publish","hentry"],"yoast_head":"<!-- This site is optimized with the Yoast SEO plugin v27.4 - https:\/\/yoast.com\/product\/yoast-seo-wordpress\/ -->\n<title>ROBERTO ALVITE - Actor, productor, guionista y director<\/title>\n<meta name=\"description\" content=\"Mi trabajo como actor, productor, guionista y director de cine y videojuegos. Desde Galicia y en mi productora Melgo Cinema. Fotos, v\u00eddeos...\" \/>\n<meta name=\"robots\" content=\"index, follow, max-snippet:-1, max-image-preview:large, max-video-preview:-1\" \/>\n<link rel=\"canonical\" href=\"https:\/\/robertoalvite.com\/gl\/\" \/>\n<meta property=\"og:locale\" content=\"gl_ES\" \/>\n<meta property=\"og:type\" content=\"article\" \/>\n<meta property=\"og:title\" content=\"ROBERTO ALVITE - Actor, productor, guionista y director\" \/>\n<meta property=\"og:description\" content=\"Mi trabajo como actor, productor, guionista y director de cine y videojuegos. Desde Galicia y en mi productora Melgo Cinema. Fotos, v\u00eddeos...\" \/>\n<meta property=\"og:url\" content=\"https:\/\/robertoalvite.com\/gl\/\" \/>\n<meta property=\"og:site_name\" content=\"ROBERTO ALVITE\" \/>\n<meta property=\"article:publisher\" content=\"http:\/\/www.facebook.com\/roberto.rodriguezalvite\" \/>\n<meta property=\"article:modified_time\" content=\"2026-03-23T09:07:57+00:00\" \/>\n<meta property=\"og:image\" content=\"https:\/\/robertoalvite.com\/wp-content\/uploads\/2024\/07\/roberto-alvite-andres-seara-actor-gallego-galicia-director-11-819x1024.jpg\" \/>\n\t<meta property=\"og:image:width\" content=\"819\" \/>\n\t<meta property=\"og:image:height\" content=\"1024\" \/>\n\t<meta property=\"og:image:type\" content=\"image\/jpeg\" \/>\n<meta name=\"twitter:card\" content=\"summary_large_image\" \/>\n<meta name=\"twitter:label1\" content=\"Tempo de lectura\" \/>\n\t<meta name=\"twitter:data1\" content=\"1 minuto\" \/>\n<script type=\"application\/ld+json\" class=\"yoast-schema-graph\">{\"@context\":\"https:\\\/\\\/schema.org\",\"@graph\":[{\"@type\":\"WebPage\",\"@id\":\"https:\\\/\\\/robertoalvite.com\\\/\",\"url\":\"https:\\\/\\\/robertoalvite.com\\\/\",\"name\":\"ROBERTO ALVITE - Actor, productor, guionista y director\",\"isPartOf\":{\"@id\":\"https:\\\/\\\/robertoalvite.com\\\/#website\"},\"primaryImageOfPage\":{\"@id\":\"https:\\\/\\\/robertoalvite.com\\\/#primaryimage\"},\"image\":{\"@id\":\"https:\\\/\\\/robertoalvite.com\\\/#primaryimage\"},\"thumbnailUrl\":\"https:\\\/\\\/robertoalvite.com\\\/wp-content\\\/uploads\\\/2024\\\/07\\\/roberto-alvite-andres-seara-actor-gallego-galicia-director-11-819x1024.jpg\",\"datePublished\":\"2018-06-19T09:20:01+00:00\",\"dateModified\":\"2026-03-23T09:07:57+00:00\",\"description\":\"Mi trabajo como actor, productor, guionista y director de cine y videojuegos. Desde Galicia y en mi productora Melgo Cinema. Fotos, v\u00eddeos...\",\"breadcrumb\":{\"@id\":\"https:\\\/\\\/robertoalvite.com\\\/#breadcrumb\"},\"inLanguage\":\"gl-ES\",\"potentialAction\":[{\"@type\":\"ReadAction\",\"target\":[\"https:\\\/\\\/robertoalvite.com\\\/\"]}]},{\"@type\":\"ImageObject\",\"inLanguage\":\"gl-ES\",\"@id\":\"https:\\\/\\\/robertoalvite.com\\\/#primaryimage\",\"url\":\"https:\\\/\\\/robertoalvite.com\\\/wp-content\\\/uploads\\\/2024\\\/07\\\/roberto-alvite-andres-seara-actor-gallego-galicia-director-11-819x1024.jpg\",\"contentUrl\":\"https:\\\/\\\/robertoalvite.com\\\/wp-content\\\/uploads\\\/2024\\\/07\\\/roberto-alvite-andres-seara-actor-gallego-galicia-director-11-819x1024.jpg\"},{\"@type\":\"BreadcrumbList\",\"@id\":\"https:\\\/\\\/robertoalvite.com\\\/#breadcrumb\",\"itemListElement\":[{\"@type\":\"ListItem\",\"position\":1,\"name\":\"Portada\",\"item\":\"https:\\\/\\\/robertoalvite.com\\\/\"},{\"@type\":\"ListItem\",\"position\":2,\"name\":\"ROBERTO ALVITE\"}]},{\"@type\":\"WebSite\",\"@id\":\"https:\\\/\\\/robertoalvite.com\\\/#website\",\"url\":\"https:\\\/\\\/robertoalvite.com\\\/\",\"name\":\"ROBERTO ALVITE\",\"description\":\"Actor, productor, guionista y director\",\"potentialAction\":[{\"@type\":\"SearchAction\",\"target\":{\"@type\":\"EntryPoint\",\"urlTemplate\":\"https:\\\/\\\/robertoalvite.com\\\/?s={search_term_string}\"},\"query-input\":{\"@type\":\"PropertyValueSpecification\",\"valueRequired\":true,\"valueName\":\"search_term_string\"}}],\"inLanguage\":\"gl-ES\"}]}<\/script>\n<!-- \/ Yoast SEO plugin. -->","yoast_head_json":{"title":"ROBERTO ALVITE - Actor, productor, guionista y director","description":"Mi trabajo como actor, productor, guionista y director de cine y videojuegos. Desde Galicia y en mi productora Melgo Cinema. Fotos, v\u00eddeos...","robots":{"index":"index","follow":"follow","max-snippet":"max-snippet:-1","max-image-preview":"max-image-preview:large","max-video-preview":"max-video-preview:-1"},"canonical":"https:\/\/robertoalvite.com\/gl\/","og_locale":"gl_ES","og_type":"article","og_title":"ROBERTO ALVITE - Actor, productor, guionista y director","og_description":"Mi trabajo como actor, productor, guionista y director de cine y videojuegos. Desde Galicia y en mi productora Melgo Cinema. Fotos, v\u00eddeos...","og_url":"https:\/\/robertoalvite.com\/gl\/","og_site_name":"ROBERTO ALVITE","article_publisher":"http:\/\/www.facebook.com\/roberto.rodriguezalvite","article_modified_time":"2026-03-23T09:07:57+00:00","og_image":[{"width":819,"height":1024,"url":"https:\/\/robertoalvite.com\/wp-content\/uploads\/2024\/07\/roberto-alvite-andres-seara-actor-gallego-galicia-director-11-819x1024.jpg","type":"image\/jpeg"}],"twitter_card":"summary_large_image","twitter_misc":{"Tempo de lectura":"1 minuto"},"schema":{"@context":"https:\/\/schema.org","@graph":[{"@type":"WebPage","@id":"https:\/\/robertoalvite.com\/","url":"https:\/\/robertoalvite.com\/","name":"ROBERTO ALVITE - Actor, productor, guionista y director","isPartOf":{"@id":"https:\/\/robertoalvite.com\/#website"},"primaryImageOfPage":{"@id":"https:\/\/robertoalvite.com\/#primaryimage"},"image":{"@id":"https:\/\/robertoalvite.com\/#primaryimage"},"thumbnailUrl":"https:\/\/robertoalvite.com\/wp-content\/uploads\/2024\/07\/roberto-alvite-andres-seara-actor-gallego-galicia-director-11-819x1024.jpg","datePublished":"2018-06-19T09:20:01+00:00","dateModified":"2026-03-23T09:07:57+00:00","description":"Mi trabajo como actor, productor, guionista y director de cine y videojuegos. Desde Galicia y en mi productora Melgo Cinema. Fotos, v\u00eddeos...","breadcrumb":{"@id":"https:\/\/robertoalvite.com\/#breadcrumb"},"inLanguage":"gl-ES","potentialAction":[{"@type":"ReadAction","target":["https:\/\/robertoalvite.com\/"]}]},{"@type":"ImageObject","inLanguage":"gl-ES","@id":"https:\/\/robertoalvite.com\/#primaryimage","url":"https:\/\/robertoalvite.com\/wp-content\/uploads\/2024\/07\/roberto-alvite-andres-seara-actor-gallego-galicia-director-11-819x1024.jpg","contentUrl":"https:\/\/robertoalvite.com\/wp-content\/uploads\/2024\/07\/roberto-alvite-andres-seara-actor-gallego-galicia-director-11-819x1024.jpg"},{"@type":"BreadcrumbList","@id":"https:\/\/robertoalvite.com\/#breadcrumb","itemListElement":[{"@type":"ListItem","position":1,"name":"Portada","item":"https:\/\/robertoalvite.com\/"},{"@type":"ListItem","position":2,"name":"ROBERTO ALVITE"}]},{"@type":"WebSite","@id":"https:\/\/robertoalvite.com\/#website","url":"https:\/\/robertoalvite.com\/","name":"ROBERTO ALVITE","description":"Actor, produtor, guionista e director","potentialAction":[{"@type":"SearchAction","target":{"@type":"EntryPoint","urlTemplate":"https:\/\/robertoalvite.com\/?s={search_term_string}"},"query-input":{"@type":"PropertyValueSpecification","valueRequired":true,"valueName":"search_term_string"}}],"inLanguage":"gl-ES"}]}},"_links":{"self":[{"href":"https:\/\/robertoalvite.com\/gl\/wp-json\/wp\/v2\/pages\/500","targetHints":{"allow":["GET"]}}],"collection":[{"href":"https:\/\/robertoalvite.com\/gl\/wp-json\/wp\/v2\/pages"}],"about":[{"href":"https:\/\/robertoalvite.com\/gl\/wp-json\/wp\/v2\/types\/page"}],"author":[{"embeddable":true,"href":"https:\/\/robertoalvite.com\/gl\/wp-json\/wp\/v2\/users\/1"}],"replies":[{"embeddable":true,"href":"https:\/\/robertoalvite.com\/gl\/wp-json\/wp\/v2\/comments?post=500"}],"version-history":[{"count":56,"href":"https:\/\/robertoalvite.com\/gl\/wp-json\/wp\/v2\/pages\/500\/revisions"}],"predecessor-version":[{"id":1203,"href":"https:\/\/robertoalvite.com\/gl\/wp-json\/wp\/v2\/pages\/500\/revisions\/1203"}],"wp:attachment":[{"href":"https:\/\/robertoalvite.com\/gl\/wp-json\/wp\/v2\/media?parent=500"}],"curies":[{"name":"wp","href":"https:\/\/api.w.org\/{rel}","templated":true}]}}